{"id":7887,"date":"2020-08-01T09:09:05","date_gmt":"2020-08-01T09:09:05","guid":{"rendered":"https:\/\/concellodeourol.es\/servizos-municipais\/"},"modified":"2024-07-24T15:40:39","modified_gmt":"2024-07-24T15:40:39","slug":"servizos-municipais","status":"publish","type":"page","link":"https:\/\/concellodeourol.es\/es\/servizos-municipais\/","title":{"rendered":"Servicios Municipales"},"content":{"rendered":"\t\t<div data-elementor-type=\"wp-page\" data-elementor-id=\"7887\" class=\"elementor elementor-7887 elementor-823\">\n\t\t\t\t\t\t<section class=\"elementor-section elementor-top-section elementor-element elementor-element-d3b36c3 elementor-section-boxed elementor-section-height-default elementor-section-height-default\" data-id=\"d3b36c3\" data-element_type=\"section\">\n\t\t\t\t\t\t<div class=\"elementor-container elementor-column-gap-default\">\n\t\t\t\t\t<div class=\"elementor-column elementor-col-100 elementor-top-column elementor-element elementor-element-ab3863c\" data-id=\"ab3863c\" data-element_type=\"column\">\n\t\t\t<div class=\"elementor-widget-wrap elementor-element-populated\">\n\t\t\t\t\t\t<div class=\"elementor-element elementor-element-8133573 elementor-widget elementor-widget-ova_heading\" data-id=\"8133573\" data-element_type=\"widget\" data-widget_type=\"ova_heading.default\">\n\t\t\t\t<div class=\"elementor-widget-container\">\n\t\t\t\t\t<div class=\"ova-heading\">\n\t\t\t\n\t\t\t\t\t\t\t<h3 class=\"title second_font\">Servicios Municipales<\/h3>\n\t\t\t\n\t\t\t\t\t\t\t<p class=\"sub-title \">El Concello de Ourol dispone de varios servicios de atenci\u00f3n al ciudadano, asesoramiento en temas de empleo, salud y seguridad.<\/p>\n\t\t\t\n\t\t<\/div>\n\t\t\t\t<\/div>\n\t\t\t\t<\/div>\n\t\t\t\t<div class=\"elementor-element elementor-element-f2183c3 elementor-widget elementor-widget-ova_archive_sev\" data-id=\"f2183c3\" data-element_type=\"widget\" data-widget_type=\"ova_archive_sev.default\">\n\t\t\t\t<div class=\"elementor-widget-container\">\n\t\t\t\n\n<div class=\"ova_archive_sev archive_sev three_column\">\n\t<div class=\"content\">\n\t\t<div class=\"wp-content\">\n\t\t\n\t\t\t<div class=\"items elementor-items\">\n\t\t\t\t<div class=\"wp-items\">\n\t\t\t\t\n\t\t\t\t\t\t\t\t\t<div class=\"icon\">\n\t\t\t\t\t\t<span class=\"flaticon-suitcase-1\"><\/span>\n\t\t\t\t\t<\/div>\n\t\t\t\t\t\n\t\t\t\t\t\t\t\t\t\t\t<h3 class=\"title\">\n\t\t\t\t\t\t\t<a class=\"second_font\" href=\"https:\/\/concellodeourol.es\/es\/ova_sev\/empleo\/\">\n\t\t\t\t\t\t\t\tEmpleo\t\t\t\t\t\t\t<\/a>\n\t\t\t\t\t\t<\/h3>\n\t\t\t\t\t\n\t\t\t\t\t<div class=\"content-sub\">\n\t\t\t\t\t\t\t\t\t\t\t\t<p class=\"excerpt\">\n\t\t\t\t\t\t\tO Concello de Ourol conta cun t\u00e9cnico local de emprego\t\t\t\t\t\t<\/p>\n\t\t\t\t\t\t\t\t\t\t\t\t\n\t\t\t\t\t\t\n\t\t\t\t\t\t<a href=\"https:\/\/concellodeourol.es\/es\/ova_sev\/empleo\/\" class=\"second_font readmore\">\n\t\t\t\t\t\t\tVer m\u00e1s\t\t\t\t\t\t\t<i data-feather=\"arrow-right\"><\/i>\n\t\t\t\t\t\t<\/a>\n\t\t\t\t\t\t\n\t\t\t\t\t<\/div>\n\t\t\t\t\t\t\t\t\t\t<div class=\"icon-hide\">\n\t\t\t\t\t\t<span class=\"flaticon-suitcase-1\"><\/span>\n\t\t\t\t\t<\/div>\n\t\t\t\t\t\t\t\t\t<\/div>\n\n\t\t\t<\/div>\n\n\t\t\n\t\t\t<div class=\"items elementor-items\">\n\t\t\t\t<div class=\"wp-items\">\n\t\t\t\t\n\t\t\t\t\t\t\t\t\t<div class=\"icon\">\n\t\t\t\t\t\t<span class=\"flaticon-book\"><\/span>\n\t\t\t\t\t<\/div>\n\t\t\t\t\t\n\t\t\t\t\t\t\t\t\t\t\t<h3 class=\"title\">\n\t\t\t\t\t\t\t<a class=\"second_font\" href=\"https:\/\/concellodeourol.es\/es\/ova_sev\/biblioteca\/\">\n\t\t\t\t\t\t\t\tBiblioteca\t\t\t\t\t\t\t<\/a>\n\t\t\t\t\t\t<\/h3>\n\t\t\t\t\t\n\t\t\t\t\t<div class=\"content-sub\">\n\t\t\t\t\t\t\t\t\t\t\t\t<p class=\"excerpt\">\n\t\t\t\t\t\t\tA Biblioteca de Ourol \u00e9 unha instituci\u00f3n de car\u00e1cter p\u00fablico e gratu\u00edto.\t\t\t\t\t\t<\/p>\n\t\t\t\t\t\t\t\t\t\t\t\t\n\t\t\t\t\t\t\n\t\t\t\t\t\t<a href=\"https:\/\/concellodeourol.es\/es\/ova_sev\/biblioteca\/\" class=\"second_font readmore\">\n\t\t\t\t\t\t\tVer m\u00e1s\t\t\t\t\t\t\t<i data-feather=\"arrow-right\"><\/i>\n\t\t\t\t\t\t<\/a>\n\t\t\t\t\t\t\n\t\t\t\t\t<\/div>\n\t\t\t\t\t\t\t\t\t\t<div class=\"icon-hide\">\n\t\t\t\t\t\t<span class=\"flaticon-book\"><\/span>\n\t\t\t\t\t<\/div>\n\t\t\t\t\t\t\t\t\t<\/div>\n\n\t\t\t<\/div>\n\n\t\t\n\t\t\t<div class=\"items elementor-items\">\n\t\t\t\t<div class=\"wp-items\">\n\t\t\t\t\n\t\t\t\t\t\t\t\t\t<div class=\"icon\">\n\t\t\t\t\t\t<span class=\"flaticon-architecture-and-city\"><\/span>\n\t\t\t\t\t<\/div>\n\t\t\t\t\t\n\t\t\t\t\t\t\t\t\t\t\t<h3 class=\"title\">\n\t\t\t\t\t\t\t<a class=\"second_font\" href=\"https:\/\/concellodeourol.es\/es\/ova_sev\/urbanismo\/\">\n\t\t\t\t\t\t\t\tUrbanismo\t\t\t\t\t\t\t<\/a>\n\t\t\t\t\t\t<\/h3>\n\t\t\t\t\t\n\t\t\t\t\t<div class=\"content-sub\">\n\t\t\t\t\t\t\t\t\t\t\t\t<p class=\"excerpt\">\n\t\t\t\t\t\t\tServizo de Urbanismo do Concello de Ourol\t\t\t\t\t\t<\/p>\n\t\t\t\t\t\t\t\t\t\t\t\t\n\t\t\t\t\t\t\n\t\t\t\t\t\t<a href=\"https:\/\/concellodeourol.es\/es\/ova_sev\/urbanismo\/\" class=\"second_font readmore\">\n\t\t\t\t\t\t\tVer m\u00e1s\t\t\t\t\t\t\t<i data-feather=\"arrow-right\"><\/i>\n\t\t\t\t\t\t<\/a>\n\t\t\t\t\t\t\n\t\t\t\t\t<\/div>\n\t\t\t\t\t\t\t\t\t\t<div class=\"icon-hide\">\n\t\t\t\t\t\t<span class=\"flaticon-architecture-and-city\"><\/span>\n\t\t\t\t\t<\/div>\n\t\t\t\t\t\t\t\t\t<\/div>\n\n\t\t\t<\/div>\n\n\t\t\n\t\t\t<div class=\"items elementor-items\">\n\t\t\t\t<div class=\"wp-items\">\n\t\t\t\t\n\t\t\t\t\t\t\t\t\t<div class=\"icon\">\n\t\t\t\t\t\t<span class=\"flaticon-heart\"><\/span>\n\t\t\t\t\t<\/div>\n\t\t\t\t\t\n\t\t\t\t\t\t\t\t\t\t\t<h3 class=\"title\">\n\t\t\t\t\t\t\t<a class=\"second_font\" href=\"https:\/\/concellodeourol.es\/es\/ova_sev\/centro-de-fisioterapia\/\">\n\t\t\t\t\t\t\t\tCentro de Fisioterapia\t\t\t\t\t\t\t<\/a>\n\t\t\t\t\t\t<\/h3>\n\t\t\t\t\t\n\t\t\t\t\t<div class=\"content-sub\">\n\t\t\t\t\t\t\t\t\t\t\t\t<p class=\"excerpt\">\n\t\t\t\t\t\t\tDestinado a mellorar a calidade de vida da sua veci\u00f1anza.\t\t\t\t\t\t<\/p>\n\t\t\t\t\t\t\t\t\t\t\t\t\n\t\t\t\t\t\t\n\t\t\t\t\t\t<a href=\"https:\/\/concellodeourol.es\/es\/ova_sev\/centro-de-fisioterapia\/\" class=\"second_font readmore\">\n\t\t\t\t\t\t\tVer m\u00e1s\t\t\t\t\t\t\t<i data-feather=\"arrow-right\"><\/i>\n\t\t\t\t\t\t<\/a>\n\t\t\t\t\t\t\n\t\t\t\t\t<\/div>\n\t\t\t\t\t\t\t\t\t\t<div class=\"icon-hide\">\n\t\t\t\t\t\t<span class=\"flaticon-heart\"><\/span>\n\t\t\t\t\t<\/div>\n\t\t\t\t\t\t\t\t\t<\/div>\n\n\t\t\t<\/div>\n\n\t\t\n\t\t\t<div class=\"items elementor-items\">\n\t\t\t\t<div class=\"wp-items\">\n\t\t\t\t\n\t\t\t\t\t\t\t\t\t<div class=\"icon\">\n\t\t\t\t\t\t<span class=\"flaticon-police-car\"><\/span>\n\t\t\t\t\t<\/div>\n\t\t\t\t\t\n\t\t\t\t\t\t\t\t\t\t\t<h3 class=\"title\">\n\t\t\t\t\t\t\t<a class=\"second_font\" href=\"https:\/\/concellodeourol.es\/es\/ova_sev\/proteccion-civil\/\">\n\t\t\t\t\t\t\t\tProtecci\u00f3n Civil\t\t\t\t\t\t\t<\/a>\n\t\t\t\t\t\t<\/h3>\n\t\t\t\t\t\n\t\t\t\t\t<div class=\"content-sub\">\n\t\t\t\t\t\t\t\t\t\t\t\t<p class=\"excerpt\">\n\t\t\t\t\t\t\tAgrupaci\u00f3n de Voluntarios de Protecci\u00f3n Civil de Ourol\t\t\t\t\t\t<\/p>\n\t\t\t\t\t\t\t\t\t\t\t\t\n\t\t\t\t\t\t\n\t\t\t\t\t\t<a href=\"https:\/\/concellodeourol.es\/es\/ova_sev\/proteccion-civil\/\" class=\"second_font readmore\">\n\t\t\t\t\t\t\tVer m\u00e1s\t\t\t\t\t\t\t<i data-feather=\"arrow-right\"><\/i>\n\t\t\t\t\t\t<\/a>\n\t\t\t\t\t\t\n\t\t\t\t\t<\/div>\n\t\t\t\t\t\t\t\t\t\t<div class=\"icon-hide\">\n\t\t\t\t\t\t<span class=\"flaticon-police-car\"><\/span>\n\t\t\t\t\t<\/div>\n\t\t\t\t\t\t\t\t\t<\/div>\n\n\t\t\t<\/div>\n\n\t\t\n\t\t\t<div class=\"items elementor-items\">\n\t\t\t\t<div class=\"wp-items\">\n\t\t\t\t\n\t\t\t\t\t\t\t\t\t<div class=\"icon\">\n\t\t\t\t\t\t<span class=\"flaticon-signpost\"><\/span>\n\t\t\t\t\t<\/div>\n\t\t\t\t\t\n\t\t\t\t\t\t\t\t\t\t\t<h3 class=\"title\">\n\t\t\t\t\t\t\t<a class=\"second_font\" href=\"https:\/\/concellodeourol.es\/es\/ova_sev\/catastro\/\">\n\t\t\t\t\t\t\t\tPunto de Informaci\u00f3n Catastral (PIC)\t\t\t\t\t\t\t<\/a>\n\t\t\t\t\t\t<\/h3>\n\t\t\t\t\t\n\t\t\t\t\t<div class=\"content-sub\">\n\t\t\t\t\t\t\t\t\t\t\t\t<p class=\"excerpt\">\n\t\t\t\t\t\t\tPunto de Informaci\u00f3n Catastral. Consulta informaci\u00f3n personalizada sobre o Catastro de r\u00fastica e urbana.\t\t\t\t\t\t<\/p>\n\t\t\t\t\t\t\t\t\t\t\t\t\n\t\t\t\t\t\t\n\t\t\t\t\t\t<a href=\"https:\/\/concellodeourol.es\/es\/ova_sev\/catastro\/\" class=\"second_font readmore\">\n\t\t\t\t\t\t\tVer m\u00e1s\t\t\t\t\t\t\t<i data-feather=\"arrow-right\"><\/i>\n\t\t\t\t\t\t<\/a>\n\t\t\t\t\t\t\n\t\t\t\t\t<\/div>\n\t\t\t\t\t\t\t\t\t\t<div class=\"icon-hide\">\n\t\t\t\t\t\t<span class=\"flaticon-signpost\"><\/span>\n\t\t\t\t\t<\/div>\n\t\t\t\t\t\t\t\t\t<\/div>\n\n\t\t\t<\/div>\n\n\t\t\n\t\t\t<div class=\"items elementor-items\">\n\t\t\t\t<div class=\"wp-items\">\n\t\t\t\t\n\t\t\t\t\t\t\t\t\t<div class=\"icon\">\n\t\t\t\t\t\t<span class=\"flaticon-respect\"><\/span>\n\t\t\t\t\t<\/div>\n\t\t\t\t\t\n\t\t\t\t\t\t\t\t\t\t\t<h3 class=\"title\">\n\t\t\t\t\t\t\t<a class=\"second_font\" href=\"https:\/\/concellodeourol.es\/es\/ova_sev\/servicios-sociais\/\">\n\t\t\t\t\t\t\t\tServicios Sociales\t\t\t\t\t\t\t<\/a>\n\t\t\t\t\t\t<\/h3>\n\t\t\t\t\t\n\t\t\t\t\t<div class=\"content-sub\">\n\t\t\t\t\t\t\t\t\t\t\t\t<p class=\"excerpt\">\n\t\t\t\t\t\t\tFormados por unha Unidade de Traballo Social (Ou.T.S.) e unha Educadora Familiar.\t\t\t\t\t\t<\/p>\n\t\t\t\t\t\t\t\t\t\t\t\t\n\t\t\t\t\t\t\n\t\t\t\t\t\t<a href=\"https:\/\/concellodeourol.es\/es\/ova_sev\/servicios-sociais\/\" class=\"second_font readmore\">\n\t\t\t\t\t\t\tVer m\u00e1s\t\t\t\t\t\t\t<i data-feather=\"arrow-right\"><\/i>\n\t\t\t\t\t\t<\/a>\n\t\t\t\t\t\t\n\t\t\t\t\t<\/div>\n\t\t\t\t\t\t\t\t\t\t<div class=\"icon-hide\">\n\t\t\t\t\t\t<span class=\"flaticon-respect\"><\/span>\n\t\t\t\t\t<\/div>\n\t\t\t\t\t\t\t\t\t<\/div>\n\n\t\t\t<\/div>\n\n\t\t\t\t<\/div>\n\t<\/div>\n\n\n\n<\/div>\n\n\n\t\t<\/div>\n\t\t\t\t<\/div>\n\t\t\t\t<div class=\"elementor-element elementor-element-0c8fe77 elementor-widget elementor-widget-spacer\" data-id=\"0c8fe77\" data-element_type=\"widget\" data-widget_type=\"spacer.default\">\n\t\t\t\t<div class=\"elementor-widget-container\">\n\t\t\t<style>\/*! elementor - v3.21.0 - 08-05-2024 *\/\n.elementor-column .elementor-spacer-inner{height:var(--spacer-size)}.e-con{--container-widget-width:100%}.e-con-inner>.elementor-widget-spacer,.e-con>.elementor-widget-spacer{width:var(--container-widget-width,var(--spacer-size));--align-self:var(--container-widget-align-self,initial);--flex-shrink:0}.e-con-inner>.elementor-widget-spacer>.elementor-widget-container,.e-con>.elementor-widget-spacer>.elementor-widget-container{height:100%;width:100%}.e-con-inner>.elementor-widget-spacer>.elementor-widget-container>.elementor-spacer,.e-con>.elementor-widget-spacer>.elementor-widget-container>.elementor-spacer{height:100%}.e-con-inner>.elementor-widget-spacer>.elementor-widget-container>.elementor-spacer>.elementor-spacer-inner,.e-con>.elementor-widget-spacer>.elementor-widget-container>.elementor-spacer>.elementor-spacer-inner{height:var(--container-widget-height,var(--spacer-size))}.e-con-inner>.elementor-widget-spacer.elementor-widget-empty,.e-con>.elementor-widget-spacer.elementor-widget-empty{position:relative;min-height:22px;min-width:22px}.e-con-inner>.elementor-widget-spacer.elementor-widget-empty .elementor-widget-empty-icon,.e-con>.elementor-widget-spacer.elementor-widget-empty .elementor-widget-empty-icon{position:absolute;top:0;bottom:0;left:0;right:0;margin:auto;padding:0;width:22px;height:22px}<\/style>\t\t<div class=\"elementor-spacer\">\n\t\t\t<div class=\"elementor-spacer-inner\"><\/div>\n\t\t<\/div>\n\t\t\t\t<\/div>\n\t\t\t\t<\/div>\n\t\t\t\t\t<\/div>\n\t\t<\/div>\n\t\t\t\t\t<\/div>\n\t\t<\/section>\n\t\t\t\t<section class=\"elementor-section elementor-top-section elementor-element elementor-element-1f582ec elementor-hidden-desktop elementor-hidden-tablet elementor-hidden-mobile elementor-section-boxed elementor-section-height-default elementor-section-height-default\" data-id=\"1f582ec\" data-element_type=\"section\">\n\t\t\t\t\t\t<div class=\"elementor-container elementor-column-gap-default\">\n\t\t\t\t\t<div class=\"elementor-column elementor-col-100 elementor-top-column elementor-element elementor-element-a10beb0\" data-id=\"a10beb0\" data-element_type=\"column\">\n\t\t\t<div class=\"elementor-widget-wrap elementor-element-populated\">\n\t\t\t\t\t\t<div class=\"elementor-element elementor-element-5d05e0e elementor-widget elementor-widget-ova_heading\" data-id=\"5d05e0e\" data-element_type=\"widget\" data-widget_type=\"ova_heading.default\">\n\t\t\t\t<div class=\"elementor-widget-container\">\n\t\t\t\t\t<div class=\"ova-heading\">\n\t\t\t\n\t\t\t\t\t\t\t<h3 class=\"title second_font\">Latest News & Events<\/h3>\n\t\t\t\n\t\t\t\t\t\t\t<p class=\"sub-title \">The news about recent activities for needed peoples claimed.<\/p>\n\t\t\t\n\t\t<\/div>\n\t\t\t\t<\/div>\n\t\t\t\t<\/div>\n\t\t\t\t<section class=\"elementor-section elementor-inner-section elementor-element elementor-element-3d9fcde elementor-section-boxed elementor-section-height-default elementor-section-height-default\" data-id=\"3d9fcde\" data-element_type=\"section\">\n\t\t\t\t\t\t<div class=\"elementor-container elementor-column-gap-default\">\n\t\t\t\t\t<div class=\"elementor-column elementor-col-50 elementor-inner-column elementor-element elementor-element-718c5d2\" data-id=\"718c5d2\" data-element_type=\"column\">\n\t\t\t<div class=\"elementor-widget-wrap elementor-element-populated\">\n\t\t\t\t\t\t<div class=\"elementor-element elementor-element-2051f05 elementor-widget elementor-widget-ova_blog\" data-id=\"2051f05\" data-element_type=\"widget\" data-widget_type=\"ova_blog.default\">\n\t\t\t\t<div class=\"elementor-widget-container\">\n\t\t\t\n\t\t<div class=\"ova-blog blog-grid grid_sidebar\">\n\t\t\t<div class=\"ova-wrap-grid\">\n\t\t\t\t\t\t\t<article class=\"post-wrap\">\n\t\t\t\t\t<div class=\"wrap-article\">\n\t\t\t\t\t\t<div class=\"post-media\">\n\t\t\t\t\t\t\t\t\t\t\t\t\t\t\t<a href=\"https:\/\/concellodeourol.es\/es\/curso-de-mobilizacions-e-coidados-a-persoas-dependentes\/\">\n\n\t\t\t\t\t\t\t\t\t<img decoding=\"async\" alt=\"Curso de Movilizaci\u00f3n y Cuidado de Personas Dependientes\" src=\"https:\/\/concellodeourol.es\/wp-content\/uploads\/2026\/04\/mobilizacions-coidados-persoas-dependentes.webp\" \n\t\t\t\t\t\t\t\t\t\t\t\n\t\t\t\t\t\t\t\t\t\t\tsrcset=\"https:\/\/concellodeourol.es\/wp-content\/uploads\/2026\/04\/mobilizacions-coidados-persoas-dependentes.webp 560w,\n\t\t\t\t\t\t\t\t\t\t\thttps:\/\/concellodeourol.es\/wp-content\/uploads\/2026\/04\/mobilizacions-coidados-persoas-dependentes-300x214.webp 300w\" \n\t\t\t\t\t\t\t\t\t\t\tsizes=\"(max-width: 767px) 100vw, 560px\" >\n\t\t\t\t\t\t\t\t<\/a>\n\t\t\t\t\t\t\t\t\t\t\t\t\t<\/div>\n\t\t\t\t\t\t<div class=\"evgovt-content\">\n\t\t\t\t\t\t\t\t\t\t\t\t\t\t<div class=\"post-meta-date\">\n\t\t\t\t\t\t\t\t<span class=\"post-meta-content-date\">\n\t\t\t\t\t\t\t\t    <span class=\" post-date\">\n\t\t\t\t\t\t\t\t        <span class=\"right second_font\">24\/04\/2026<\/span>\n\t\t\t\t\t\t\t\t    <\/span>\n\t\t\t\t\t\t\t\t<\/span>\n\t\t\t\t\t\t\t<\/div>\n\t\t\t\t\t\t\t\n\t\t\t\t\t\t\t\t\t\t\t\t\t\t<div class=\"post-meta-grid\">\n\t\t\t\t\t\t\t\t<span class=\"post-meta-content-grid\">\n\t\t\t\t\t\t\t\t    \t\t\t\t\t\t\t\t    \t<span class=\"wp-categories\">\n\t\t\t\t\t\t\t\t    \t\t<span class=\"slash ova-meta-general\">In<\/span>\n\t\t\t\t\t\t\t\t\t\t    <span class=\" categories\">\n\t\t\t\t\t\t\t\t\t\t        <span class=\"right\"><a href=\"https:\/\/concellodeourol.es\/es\/category\/asuntos-sociais-es\/\" rel=\"category tag\">Asuntos Sociais<\/a>&sbquo;&nbsp;<a href=\"https:\/\/concellodeourol.es\/es\/category\/servizos-sociais-es\/\" rel=\"category tag\">Servizos Sociais<\/a><\/span><!-- end right -->             \n\t\t\t\t\t\t\t\t\t\t    <\/span><!-- end categories -->\n\t\t\t\t\t\t\t\t    \t<\/span><!-- end wp-category -->\n\t\t\t\t\t\t\t\t\t\n\t\t\t\t\t\t\t\t    <span class=\" comment\">\n\t\t\t\t\t\t\t\t        <span class=\"right\">\n\t\t\t\t\t\t\t\t        \t<i data-feather=\"message-square\"><\/i>\n\t\t\t\t\t\t\t\t            <a href=\"https:\/\/concellodeourol.es\/es\/curso-de-mobilizacions-e-coidados-a-persoas-dependentes\/#respond\"> 0<\/a>\t\t\t\t\t\t\t\t        <\/span>                \n\t\t\t\t\t\t\t\t    <\/span>\n\n\t\t\t\t\t\t\t\t<\/span>\n\t\t\t\t\t\t\t<\/div>\n\t\t\t\t\t\t\t\t\t\t\t\t\t\t\t\t\t\t\t\t\t<div class=\"post-title\">\n\t\t\t\t\t\t\t\t<a href=\"https:\/\/concellodeourol.es\/es\/curso-de-mobilizacions-e-coidados-a-persoas-dependentes\/\" rel=\"bookmark\" title=\"Curso de Movilizaci\u00f3n y Cuidado de Personas Dependientes\">\n\t\t\t\t\t\t\t\t\t<h2 class=\"post-title\">Curso de Movilizaci\u00f3n y Cuidado de Personas Dependientes<\/h2>\n\t\t\t\t\t\t\t    <\/a>\n\t\t\t\t\t\t\t<\/div>\n\t\t\t\t\t\t\t\t\t\t\t\t\t\t\t\t\t\t\t\t\t\t\t\t\t\t\t\t<div class=\"post-footer\">\n\t\t\t\t\t\t\t\t<div class=\"egovt-post-readmore\">\n\t\t\t\t\t\t\t\t    <a class=\"btn-readmore second_font\" href=\"https:\/\/concellodeourol.es\/es\/curso-de-mobilizacions-e-coidados-a-persoas-dependentes\/\">\n\t\t\t\t\t\t\t\t    \tContinue Reading\t\t\t\t\t\t\t\t    \t<i data-feather=\"arrow-right\"><\/i>\n\t\t\t\t\t\t\t\t    <\/a>\n\t\t\t\t\t\t\t\t<\/div>\n\t\t\t\t\t\t\t<\/div>\n\t\t\t\t\t\t\t\t\t\t\t\t\t<\/div>\n\t\t\t\t\t<\/div>\n\t\t\t\t<\/article>\n\t\t\t\t\t\t\t<article class=\"post-wrap\">\n\t\t\t\t\t<div class=\"wrap-article\">\n\t\t\t\t\t\t<div class=\"post-media\">\n\t\t\t\t\t\t\t\t\t\t\t\t\t\t\t<a href=\"https:\/\/concellodeourol.es\/es\/obradoiro-de-solo-pelvico\/\">\n\n\t\t\t\t\t\t\t\t\t<img decoding=\"async\" alt=\"Taller de Suelo P\u00e9lvico\" src=\"https:\/\/concellodeourol.es\/wp-content\/uploads\/2026\/04\/obradoiro-solo-pelvico-ourol-cartel.webp\" \n\t\t\t\t\t\t\t\t\t\t\t\n\t\t\t\t\t\t\t\t\t\t\tsrcset=\"https:\/\/concellodeourol.es\/wp-content\/uploads\/2026\/04\/obradoiro-solo-pelvico-ourol-cartel.webp 560w,\n\t\t\t\t\t\t\t\t\t\t\thttps:\/\/concellodeourol.es\/wp-content\/uploads\/2026\/04\/obradoiro-solo-pelvico-ourol-cartel-300x214.webp 300w\" \n\t\t\t\t\t\t\t\t\t\t\tsizes=\"(max-width: 767px) 100vw, 560px\" >\n\t\t\t\t\t\t\t\t<\/a>\n\t\t\t\t\t\t\t\t\t\t\t\t\t<\/div>\n\t\t\t\t\t\t<div class=\"evgovt-content\">\n\t\t\t\t\t\t\t\t\t\t\t\t\t\t<div class=\"post-meta-date\">\n\t\t\t\t\t\t\t\t<span class=\"post-meta-content-date\">\n\t\t\t\t\t\t\t\t    <span class=\" post-date\">\n\t\t\t\t\t\t\t\t        <span class=\"right second_font\">13\/04\/2026<\/span>\n\t\t\t\t\t\t\t\t    <\/span>\n\t\t\t\t\t\t\t\t<\/span>\n\t\t\t\t\t\t\t<\/div>\n\t\t\t\t\t\t\t\n\t\t\t\t\t\t\t\t\t\t\t\t\t\t<div class=\"post-meta-grid\">\n\t\t\t\t\t\t\t\t<span class=\"post-meta-content-grid\">\n\t\t\t\t\t\t\t\t    \t\t\t\t\t\t\t\t    \t<span class=\"wp-categories\">\n\t\t\t\t\t\t\t\t    \t\t<span class=\"slash ova-meta-general\">In<\/span>\n\t\t\t\t\t\t\t\t\t\t    <span class=\" categories\">\n\t\t\t\t\t\t\t\t\t\t        <span class=\"right\"><a href=\"https:\/\/concellodeourol.es\/es\/category\/asuntos-sociais-es\/\" rel=\"category tag\">Asuntos Sociais<\/a>&sbquo;&nbsp;<a href=\"https:\/\/concellodeourol.es\/es\/category\/avisos-es\/\" rel=\"category tag\">Avisos<\/a>&sbquo;&nbsp;<a href=\"https:\/\/concellodeourol.es\/es\/category\/servizos-sociais-es\/\" rel=\"category tag\">Servizos Sociais<\/a><\/span><!-- end right -->             \n\t\t\t\t\t\t\t\t\t\t    <\/span><!-- end categories -->\n\t\t\t\t\t\t\t\t    \t<\/span><!-- end wp-category -->\n\t\t\t\t\t\t\t\t\t\n\t\t\t\t\t\t\t\t    <span class=\" comment\">\n\t\t\t\t\t\t\t\t        <span class=\"right\">\n\t\t\t\t\t\t\t\t        \t<i data-feather=\"message-square\"><\/i>\n\t\t\t\t\t\t\t\t            <a href=\"https:\/\/concellodeourol.es\/es\/obradoiro-de-solo-pelvico\/#respond\"> 0<\/a>\t\t\t\t\t\t\t\t        <\/span>                \n\t\t\t\t\t\t\t\t    <\/span>\n\n\t\t\t\t\t\t\t\t<\/span>\n\t\t\t\t\t\t\t<\/div>\n\t\t\t\t\t\t\t\t\t\t\t\t\t\t\t\t\t\t\t\t\t<div class=\"post-title\">\n\t\t\t\t\t\t\t\t<a href=\"https:\/\/concellodeourol.es\/es\/obradoiro-de-solo-pelvico\/\" rel=\"bookmark\" title=\"Taller de Suelo P\u00e9lvico\">\n\t\t\t\t\t\t\t\t\t<h2 class=\"post-title\">Taller de Suelo P\u00e9lvico<\/h2>\n\t\t\t\t\t\t\t    <\/a>\n\t\t\t\t\t\t\t<\/div>\n\t\t\t\t\t\t\t\t\t\t\t\t\t\t\t\t\t\t\t\t\t\t\t\t\t\t\t\t<div class=\"post-footer\">\n\t\t\t\t\t\t\t\t<div class=\"egovt-post-readmore\">\n\t\t\t\t\t\t\t\t    <a class=\"btn-readmore second_font\" href=\"https:\/\/concellodeourol.es\/es\/obradoiro-de-solo-pelvico\/\">\n\t\t\t\t\t\t\t\t    \tContinue Reading\t\t\t\t\t\t\t\t    \t<i data-feather=\"arrow-right\"><\/i>\n\t\t\t\t\t\t\t\t    <\/a>\n\t\t\t\t\t\t\t\t<\/div>\n\t\t\t\t\t\t\t<\/div>\n\t\t\t\t\t\t\t\t\t\t\t\t\t<\/div>\n\t\t\t\t\t<\/div>\n\t\t\t\t<\/article>\n\t\t\t\t\t\t<\/div>\n\t\t<\/div>\n\t\t\t\t<\/div>\n\t\t\t\t<\/div>\n\t\t\t\t\t<\/div>\n\t\t<\/div>\n\t\t\t\t<div class=\"elementor-column elementor-col-50 elementor-inner-column elementor-element elementor-element-6206efe\" data-id=\"6206efe\" data-element_type=\"column\">\n\t\t\t<div class=\"elementor-widget-wrap\">\n\t\t\t\t\t\t\t<\/div>\n\t\t<\/div>\n\t\t\t\t\t<\/div>\n\t\t<\/section>\n\t\t\t\t\t<\/div>\n\t\t<\/div>\n\t\t\t\t\t<\/div>\n\t\t<\/section>\n\t\t\t\t<section class=\"elementor-section elementor-top-section elementor-element elementor-element-ed36fa3 elementor-section-boxed elementor-section-height-default elementor-section-height-default\" data-id=\"ed36fa3\" data-element_type=\"section\">\n\t\t\t\t\t\t<div class=\"elementor-container elementor-column-gap-default\">\n\t\t\t\t\t<div class=\"elementor-column elementor-col-100 elementor-top-column elementor-element elementor-element-7d829b4\" data-id=\"7d829b4\" data-element_type=\"column\">\n\t\t\t<div class=\"elementor-widget-wrap elementor-element-populated\">\n\t\t\t\t\t\t<div class=\"elementor-element elementor-element-6fa8ee2 elementor-widget elementor-widget-heading\" data-id=\"6fa8ee2\" data-element_type=\"widget\" data-widget_type=\"heading.default\">\n\t\t\t\t<div class=\"elementor-widget-container\">\n\t\t\t<style>\/*! elementor - v3.21.0 - 08-05-2024 *\/\n.elementor-heading-title{padding:0;margin:0;line-height:1}.elementor-widget-heading .elementor-heading-title[class*=elementor-size-]>a{color:inherit;font-size:inherit;line-height:inherit}.elementor-widget-heading .elementor-heading-title.elementor-size-small{font-size:15px}.elementor-widget-heading .elementor-heading-title.elementor-size-medium{font-size:19px}.elementor-widget-heading .elementor-heading-title.elementor-size-large{font-size:29px}.elementor-widget-heading .elementor-heading-title.elementor-size-xl{font-size:39px}.elementor-widget-heading .elementor-heading-title.elementor-size-xxl{font-size:59px}<\/style><h6 class=\"elementor-heading-title elementor-size-default\">\u00bfNecesitas ayuda?<\/h6>\t\t<\/div>\n\t\t\t\t<\/div>\n\t\t\t\t<div class=\"elementor-element elementor-element-4c854b8 elementor-widget elementor-widget-heading\" data-id=\"4c854b8\" data-element_type=\"widget\" data-widget_type=\"heading.default\">\n\t\t\t\t<div class=\"elementor-widget-container\">\n\t\t\t<h2 class=\"elementor-heading-title elementor-size-default\">\u00bfTienes alguna pregunta?<br>Ponte en contacto con el Concello<\/h2>\t\t<\/div>\n\t\t\t\t<\/div>\n\t\t\t\t<div class=\"elementor-element elementor-element-f39c899 elementor-widget elementor-widget-text-editor\" data-id=\"f39c899\" data-element_type=\"widget\" data-widget_type=\"text-editor.default\">\n\t\t\t\t<div class=\"elementor-widget-container\">\n\t\t\t<style>\/*! elementor - v3.21.0 - 08-05-2024 *\/\n.elementor-widget-text-editor.elementor-drop-cap-view-stacked .elementor-drop-cap{background-color:#69727d;color:#fff}.elementor-widget-text-editor.elementor-drop-cap-view-framed .elementor-drop-cap{color:#69727d;border:3px solid;background-color:transparent}.elementor-widget-text-editor:not(.elementor-drop-cap-view-default) .elementor-drop-cap{margin-top:8px}.elementor-widget-text-editor:not(.elementor-drop-cap-view-default) .elementor-drop-cap-letter{width:1em;height:1em}.elementor-widget-text-editor .elementor-drop-cap{float:left;text-align:center;line-height:1;font-size:50px}.elementor-widget-text-editor .elementor-drop-cap-letter{display:inline-block}<\/style>\t\t\t\t<p>Ll\u00e1manos al tel\u00e9fono del Concello <a href=\"tel:982559109\">+34 982 559 109<\/a><\/p>\t\t\t\t\t\t<\/div>\n\t\t\t\t<\/div>\n\t\t\t\t<div class=\"elementor-element elementor-element-a01e466 elementor-align-center egovt_button elementor-widget elementor-widget-button\" data-id=\"a01e466\" data-element_type=\"widget\" data-widget_type=\"button.default\">\n\t\t\t\t<div class=\"elementor-widget-container\">\n\t\t\t\t\t<div class=\"elementor-button-wrapper\">\n\t\t\t<a class=\"elementor-button elementor-button-link elementor-size-sm\" href=\"https:\/\/concellodeourol.es\/contacto\">\n\t\t\t\t\t\t<span class=\"elementor-button-content-wrapper\">\n\t\t\t\t\t\t\t\t\t<span class=\"elementor-button-text\">Contacto<\/span>\n\t\t\t\t\t<\/span>\n\t\t\t\t\t<\/a>\n\t\t<\/div>\n\t\t\t\t<\/div>\n\t\t\t\t<\/div>\n\t\t\t\t\t<\/div>\n\t\t<\/div>\n\t\t\t\t\t<\/div>\n\t\t<\/section>\n\t\t\t\t<\/div>\n\t\t","protected":false},"excerpt":{"rendered":"<p>Servicios Municipales El Concello de Ourol dispone de varios servicios de atenci\u00f3n al ciudadano, asesoramiento en temas de empleo, salud y seguridad. Empleo O Concello de Ourol conta cun t\u00e9cnico local de emprego Read More Biblioteca A Biblioteca de Ourol \u00e9 unha instituci\u00f3n de car\u00e1cter p\u00fablico e gratu\u00edto. Read More Latest News &#038; Events The [&hellip;]<\/p>\n","protected":false},"author":1,"featured_media":7749,"parent":0,"menu_order":0,"comment_status":"closed","ping_status":"closed","template":"elementor_header_footer","meta":{"footnotes":""},"class_list":["post-7887","page","type-page","status-publish","has-post-thumbnail","hentry"],"yoast_head":"<!-- This site is optimized with the Yoast SEO plugin v25.0 - https:\/\/yoast.com\/wordpress\/plugins\/seo\/ -->\n<title>Servicios Municipales - Concello de Ourol<\/title>\n<meta name=\"robots\" content=\"index, follow, max-snippet:-1, max-image-preview:large, max-video-preview:-1\" \/>\n<link rel=\"canonical\" href=\"https:\/\/concellodeourol.es\/es\/servizos-municipais\/\" \/>\n<meta property=\"og:locale\" content=\"es_ES\" \/>\n<meta property=\"og:type\" content=\"article\" \/>\n<meta property=\"og:title\" content=\"Servicios Municipales - Concello de Ourol\" \/>\n<meta property=\"og:description\" content=\"Servicios Municipales El Concello de Ourol dispone de varios servicios de atenci\u00f3n al ciudadano, asesoramiento en temas de empleo, salud y seguridad. Empleo O Concello de Ourol conta cun t\u00e9cnico local de emprego Read More Biblioteca A Biblioteca de Ourol \u00e9 unha instituci\u00f3n de car\u00e1cter p\u00fablico e gratu\u00edto. Read More Latest News &#038; Events The [&hellip;]\" \/>\n<meta property=\"og:url\" content=\"https:\/\/concellodeourol.es\/es\/servizos-municipais\/\" \/>\n<meta property=\"og:site_name\" content=\"Concello de Ourol\" \/>\n<meta property=\"article:publisher\" content=\"https:\/\/www.facebook.com\/ConcelloOurol\/\" \/>\n<meta property=\"article:modified_time\" content=\"2024-07-24T15:40:39+00:00\" \/>\n<meta property=\"og:image\" content=\"https:\/\/concellodeourol.es\/wp-content\/uploads\/2024\/07\/Casa-do-concello-ourol.webp\" \/>\n\t<meta property=\"og:image:width\" content=\"1500\" \/>\n\t<meta property=\"og:image:height\" content=\"1035\" \/>\n\t<meta property=\"og:image:type\" content=\"image\/webp\" \/>\n<meta name=\"twitter:card\" content=\"summary_large_image\" \/>\n<script type=\"application\/ld+json\" class=\"yoast-schema-graph\">{\"@context\":\"https:\/\/schema.org\",\"@graph\":[{\"@type\":\"WebPage\",\"@id\":\"https:\/\/concellodeourol.es\/es\/servizos-municipais\/\",\"url\":\"https:\/\/concellodeourol.es\/es\/servizos-municipais\/\",\"name\":\"Servicios Municipales - Concello de Ourol\",\"isPartOf\":{\"@id\":\"https:\/\/concellodeourol.es\/#website\"},\"primaryImageOfPage\":{\"@id\":\"https:\/\/concellodeourol.es\/es\/servizos-municipais\/#primaryimage\"},\"image\":{\"@id\":\"https:\/\/concellodeourol.es\/es\/servizos-municipais\/#primaryimage\"},\"thumbnailUrl\":\"https:\/\/concellodeourol.es\/wp-content\/uploads\/2024\/07\/Casa-do-concello-ourol.webp\",\"datePublished\":\"2020-08-01T09:09:05+00:00\",\"dateModified\":\"2024-07-24T15:40:39+00:00\",\"breadcrumb\":{\"@id\":\"https:\/\/concellodeourol.es\/es\/servizos-municipais\/#breadcrumb\"},\"inLanguage\":\"es\",\"potentialAction\":[{\"@type\":\"ReadAction\",\"target\":[\"https:\/\/concellodeourol.es\/es\/servizos-municipais\/\"]}]},{\"@type\":\"ImageObject\",\"inLanguage\":\"es\",\"@id\":\"https:\/\/concellodeourol.es\/es\/servizos-municipais\/#primaryimage\",\"url\":\"https:\/\/concellodeourol.es\/wp-content\/uploads\/2024\/07\/Casa-do-concello-ourol.webp\",\"contentUrl\":\"https:\/\/concellodeourol.es\/wp-content\/uploads\/2024\/07\/Casa-do-concello-ourol.webp\",\"width\":1500,\"height\":1035},{\"@type\":\"BreadcrumbList\",\"@id\":\"https:\/\/concellodeourol.es\/es\/servizos-municipais\/#breadcrumb\",\"itemListElement\":[{\"@type\":\"ListItem\",\"position\":1,\"name\":\"Inicio\",\"item\":\"https:\/\/concellodeourol.es\/es\/\"},{\"@type\":\"ListItem\",\"position\":2,\"name\":\"Servicios Municipales\"}]},{\"@type\":\"WebSite\",\"@id\":\"https:\/\/concellodeourol.es\/#website\",\"url\":\"https:\/\/concellodeourol.es\/\",\"name\":\"Concello de Ourol\",\"description\":\"Informaci\u00f3n y Servicios\",\"publisher\":{\"@id\":\"https:\/\/concellodeourol.es\/#organization\"},\"potentialAction\":[{\"@type\":\"SearchAction\",\"target\":{\"@type\":\"EntryPoint\",\"urlTemplate\":\"https:\/\/concellodeourol.es\/?s={search_term_string}\"},\"query-input\":{\"@type\":\"PropertyValueSpecification\",\"valueRequired\":true,\"valueName\":\"search_term_string\"}}],\"inLanguage\":\"es\"},{\"@type\":\"Organization\",\"@id\":\"https:\/\/concellodeourol.es\/#organization\",\"name\":\"Concello de Ourol\",\"url\":\"https:\/\/concellodeourol.es\/\",\"logo\":{\"@type\":\"ImageObject\",\"inLanguage\":\"es\",\"@id\":\"https:\/\/concellodeourol.es\/#\/schema\/logo\/image\/\",\"url\":\"https:\/\/concellodeourol.es\/wp-content\/uploads\/2024\/05\/Escudo-Horizontal-concello-ourol.webp\",\"contentUrl\":\"https:\/\/concellodeourol.es\/wp-content\/uploads\/2024\/05\/Escudo-Horizontal-concello-ourol.webp\",\"width\":450,\"height\":197,\"caption\":\"Concello de Ourol\"},\"image\":{\"@id\":\"https:\/\/concellodeourol.es\/#\/schema\/logo\/image\/\"},\"sameAs\":[\"https:\/\/www.facebook.com\/ConcelloOurol\/\",\"https:\/\/www.instagram.com\/biblioourol\/?hl=es\"]}]}<\/script>\n<!-- \/ Yoast SEO plugin. -->","yoast_head_json":{"title":"Servicios Municipales - Concello de Ourol","robots":{"index":"index","follow":"follow","max-snippet":"max-snippet:-1","max-image-preview":"max-image-preview:large","max-video-preview":"max-video-preview:-1"},"canonical":"https:\/\/concellodeourol.es\/es\/servizos-municipais\/","og_locale":"es_ES","og_type":"article","og_title":"Servicios Municipales - Concello de Ourol","og_description":"Servicios Municipales El Concello de Ourol dispone de varios servicios de atenci\u00f3n al ciudadano, asesoramiento en temas de empleo, salud y seguridad. Empleo O Concello de Ourol conta cun t\u00e9cnico local de emprego Read More Biblioteca A Biblioteca de Ourol \u00e9 unha instituci\u00f3n de car\u00e1cter p\u00fablico e gratu\u00edto. Read More Latest News &#038; Events The [&hellip;]","og_url":"https:\/\/concellodeourol.es\/es\/servizos-municipais\/","og_site_name":"Concello de Ourol","article_publisher":"https:\/\/www.facebook.com\/ConcelloOurol\/","article_modified_time":"2024-07-24T15:40:39+00:00","og_image":[{"width":1500,"height":1035,"url":"https:\/\/concellodeourol.es\/wp-content\/uploads\/2024\/07\/Casa-do-concello-ourol.webp","type":"image\/webp"}],"twitter_card":"summary_large_image","schema":{"@context":"https:\/\/schema.org","@graph":[{"@type":"WebPage","@id":"https:\/\/concellodeourol.es\/es\/servizos-municipais\/","url":"https:\/\/concellodeourol.es\/es\/servizos-municipais\/","name":"Servicios Municipales - Concello de Ourol","isPartOf":{"@id":"https:\/\/concellodeourol.es\/#website"},"primaryImageOfPage":{"@id":"https:\/\/concellodeourol.es\/es\/servizos-municipais\/#primaryimage"},"image":{"@id":"https:\/\/concellodeourol.es\/es\/servizos-municipais\/#primaryimage"},"thumbnailUrl":"https:\/\/concellodeourol.es\/wp-content\/uploads\/2024\/07\/Casa-do-concello-ourol.webp","datePublished":"2020-08-01T09:09:05+00:00","dateModified":"2024-07-24T15:40:39+00:00","breadcrumb":{"@id":"https:\/\/concellodeourol.es\/es\/servizos-municipais\/#breadcrumb"},"inLanguage":"es","potentialAction":[{"@type":"ReadAction","target":["https:\/\/concellodeourol.es\/es\/servizos-municipais\/"]}]},{"@type":"ImageObject","inLanguage":"es","@id":"https:\/\/concellodeourol.es\/es\/servizos-municipais\/#primaryimage","url":"https:\/\/concellodeourol.es\/wp-content\/uploads\/2024\/07\/Casa-do-concello-ourol.webp","contentUrl":"https:\/\/concellodeourol.es\/wp-content\/uploads\/2024\/07\/Casa-do-concello-ourol.webp","width":1500,"height":1035},{"@type":"BreadcrumbList","@id":"https:\/\/concellodeourol.es\/es\/servizos-municipais\/#breadcrumb","itemListElement":[{"@type":"ListItem","position":1,"name":"Inicio","item":"https:\/\/concellodeourol.es\/es\/"},{"@type":"ListItem","position":2,"name":"Servicios Municipales"}]},{"@type":"WebSite","@id":"https:\/\/concellodeourol.es\/#website","url":"https:\/\/concellodeourol.es\/","name":"Concello de Ourol","description":"Informaci\u00f3n y Servicios","publisher":{"@id":"https:\/\/concellodeourol.es\/#organization"},"potentialAction":[{"@type":"SearchAction","target":{"@type":"EntryPoint","urlTemplate":"https:\/\/concellodeourol.es\/?s={search_term_string}"},"query-input":{"@type":"PropertyValueSpecification","valueRequired":true,"valueName":"search_term_string"}}],"inLanguage":"es"},{"@type":"Organization","@id":"https:\/\/concellodeourol.es\/#organization","name":"Concello de Ourol","url":"https:\/\/concellodeourol.es\/","logo":{"@type":"ImageObject","inLanguage":"es","@id":"https:\/\/concellodeourol.es\/#\/schema\/logo\/image\/","url":"https:\/\/concellodeourol.es\/wp-content\/uploads\/2024\/05\/Escudo-Horizontal-concello-ourol.webp","contentUrl":"https:\/\/concellodeourol.es\/wp-content\/uploads\/2024\/05\/Escudo-Horizontal-concello-ourol.webp","width":450,"height":197,"caption":"Concello de Ourol"},"image":{"@id":"https:\/\/concellodeourol.es\/#\/schema\/logo\/image\/"},"sameAs":["https:\/\/www.facebook.com\/ConcelloOurol\/","https:\/\/www.instagram.com\/biblioourol\/?hl=es"]}]}},"_links":{"self":[{"href":"https:\/\/concellodeourol.es\/es\/wp-json\/wp\/v2\/pages\/7887"}],"collection":[{"href":"https:\/\/concellodeourol.es\/es\/wp-json\/wp\/v2\/pages"}],"about":[{"href":"https:\/\/concellodeourol.es\/es\/wp-json\/wp\/v2\/types\/page"}],"author":[{"embeddable":true,"href":"https:\/\/concellodeourol.es\/es\/wp-json\/wp\/v2\/users\/1"}],"replies":[{"embeddable":true,"href":"https:\/\/concellodeourol.es\/es\/wp-json\/wp\/v2\/comments?post=7887"}],"version-history":[{"count":7,"href":"https:\/\/concellodeourol.es\/es\/wp-json\/wp\/v2\/pages\/7887\/revisions"}],"predecessor-version":[{"id":7895,"href":"https:\/\/concellodeourol.es\/es\/wp-json\/wp\/v2\/pages\/7887\/revisions\/7895"}],"wp:featuredmedia":[{"embeddable":true,"href":"https:\/\/concellodeourol.es\/es\/wp-json\/wp\/v2\/media\/7749"}],"wp:attachment":[{"href":"https:\/\/concellodeourol.es\/es\/wp-json\/wp\/v2\/media?parent=7887"}],"curies":[{"name":"wp","href":"https:\/\/api.w.org\/{rel}","templated":true}]}}