{"id":7229,"date":"2024-07-15T20:57:14","date_gmt":"2024-07-15T20:57:14","guid":{"rendered":"https:\/\/concellodeourol.es\/?page_id=7229"},"modified":"2024-07-15T21:01:24","modified_gmt":"2024-07-15T21:01:24","slug":"proyecto-ilumin","status":"publish","type":"page","link":"https:\/\/concellodeourol.es\/es\/proyecto-ilumin\/","title":{"rendered":"Proyecto Ilumin@"},"content":{"rendered":"\t\t<div data-elementor-type=\"wp-page\" data-elementor-id=\"7229\" class=\"elementor elementor-7229\">\n\t\t\t\t<div class=\"elementor-element elementor-element-92cb526 e-flex e-con-boxed e-con e-parent\" data-id=\"92cb526\" data-element_type=\"container\">\n\t\t\t\t\t<div class=\"e-con-inner\">\n\t\t\t\t<div class=\"elementor-element elementor-element-7b70344 elementor-widget elementor-widget-image\" data-id=\"7b70344\" data-element_type=\"widget\" data-widget_type=\"image.default\">\n\t\t\t\t<div class=\"elementor-widget-container\">\n\t\t\t<style>\/*! elementor - v3.21.0 - 08-05-2024 *\/\n.elementor-widget-image{text-align:center}.elementor-widget-image a{display:inline-block}.elementor-widget-image a img[src$=\".svg\"]{width:48px}.elementor-widget-image img{vertical-align:middle;display:inline-block}<\/style>\t\t\t\t\t\t\t\t\t\t<img fetchpriority=\"high\" decoding=\"async\" width=\"1024\" height=\"224\" src=\"https:\/\/concellodeourol.es\/wp-content\/uploads\/2024\/07\/logos-1-1024x224.jpg\" class=\"attachment-large size-large wp-image-7232\" alt=\"\" srcset=\"https:\/\/concellodeourol.es\/wp-content\/uploads\/2024\/07\/logos-1-1024x224.jpg 1024w, https:\/\/concellodeourol.es\/wp-content\/uploads\/2024\/07\/logos-1-300x66.jpg 300w, https:\/\/concellodeourol.es\/wp-content\/uploads\/2024\/07\/logos-1-768x168.jpg 768w, https:\/\/concellodeourol.es\/wp-content\/uploads\/2024\/07\/logos-1-600x131.jpg 600w, https:\/\/concellodeourol.es\/wp-content\/uploads\/2024\/07\/logos-1-560x123.jpg 560w, https:\/\/concellodeourol.es\/wp-content\/uploads\/2024\/07\/logos-1.jpg 1161w\" sizes=\"(max-width: 1024px) 100vw, 1024px\" \/>\t\t\t\t\t\t\t\t\t\t\t\t\t<\/div>\n\t\t\t\t<\/div>\n\t\t\t\t<div class=\"elementor-element elementor-element-489a42b elementor-widget elementor-widget-text-editor\" data-id=\"489a42b\" data-element_type=\"widget\" data-widget_type=\"text-editor.default\">\n\t\t\t\t<div class=\"elementor-widget-container\">\n\t\t\t<style>\/*! elementor - v3.21.0 - 08-05-2024 *\/\n.elementor-widget-text-editor.elementor-drop-cap-view-stacked .elementor-drop-cap{background-color:#69727d;color:#fff}.elementor-widget-text-editor.elementor-drop-cap-view-framed .elementor-drop-cap{color:#69727d;border:3px solid;background-color:transparent}.elementor-widget-text-editor:not(.elementor-drop-cap-view-default) .elementor-drop-cap{margin-top:8px}.elementor-widget-text-editor:not(.elementor-drop-cap-view-default) .elementor-drop-cap-letter{width:1em;height:1em}.elementor-widget-text-editor .elementor-drop-cap{float:left;text-align:center;line-height:1;font-size:50px}.elementor-widget-text-editor .elementor-drop-cap-letter{display:inline-block}<\/style>\t\t\t\t<p style=\"text-align: center;\"><strong>\u201c<em>Una manera de hacer Europa<\/em>\u201d<\/strong><br \/><strong>Confinanciado en un 80% por el FEDER<\/strong><\/p>\t\t\t\t\t\t<\/div>\n\t\t\t\t<\/div>\n\t\t\t\t<div class=\"elementor-element elementor-element-424702d elementor-widget elementor-widget-image\" data-id=\"424702d\" data-element_type=\"widget\" data-widget_type=\"image.default\">\n\t\t\t\t<div class=\"elementor-widget-container\">\n\t\t\t\t\t\t\t\t\t\t\t\t\t<img decoding=\"async\" width=\"600\" height=\"697\" src=\"https:\/\/concellodeourol.es\/wp-content\/uploads\/2024\/07\/ilumina.jpg\" class=\"attachment-large size-large wp-image-7233\" alt=\"\" srcset=\"https:\/\/concellodeourol.es\/wp-content\/uploads\/2024\/07\/ilumina.jpg 600w, https:\/\/concellodeourol.es\/wp-content\/uploads\/2024\/07\/ilumina-258x300.jpg 258w, https:\/\/concellodeourol.es\/wp-content\/uploads\/2024\/07\/ilumina-516x600.jpg 516w, https:\/\/concellodeourol.es\/wp-content\/uploads\/2024\/07\/ilumina-482x560.jpg 482w\" sizes=\"(max-width: 600px) 100vw, 600px\" \/>\t\t\t\t\t\t\t\t\t\t\t\t\t<\/div>\n\t\t\t\t<\/div>\n\t\t\t\t<div class=\"elementor-element elementor-element-0e6a2db elementor-widget elementor-widget-text-editor\" data-id=\"0e6a2db\" data-element_type=\"widget\" data-widget_type=\"text-editor.default\">\n\t\t\t\t<div class=\"elementor-widget-container\">\n\t\t\t\t\t\t\t<p><strong>PROYECTO ILUMIN@:<\/strong>\u00a0Actuaci\u00f3n cofinanciada en un 80% por el Programa de Subvenciones para proyectos singulares de entidades locales que favorezcan el paso a una econom\u00eda baja en carbono en el marco del Programa operativo FEDER de crecimiento sostenible 2014-2020, asumiendo el restante 20% la Diputaci\u00f3n de Lugo con fondos propios.<\/p><ul><li><strong>DESCRIPCI\u00d3N DEL PROYECTO ILUMIN@:<\/strong><\/li><\/ul><p>Con fecha 16 de julio de 2019 el IDAE notifica a la Diputaci\u00f3n de Lugo la RESOLUCI\u00d3N FAVORABLE\u00a0 en virtud de la cual el Proyecto ILUMIN@ obtuvo la ayuda solicitada en la convocatoria regulada por el Real Decreto 616\/2017*, del 16 de junio, por la que se regula la concesi\u00f3n directa de subvenciones a proyectos singulares de entidades locales que favorezcan el paso a una econom\u00eda baja en carbono en el marco del Programa operativo FEDER de crecimiento sostenible 2014-2020. Dicha convocatoria fue publicada en el BOE del 17 de junio de 2017. En el Proyecto ILUMIN@ participan 38 ayuntamientos de la Provincia de Lugo.<\/p><p><strong>*<\/strong>Real Decreto 1516\/2018, del 28 de diciembre, por el que se modifica el Real Decreto 616\/2017, del 16 de junio, por el \u00a0que se regula la concesi\u00f3n directa de subvenciones a proyectos singulares de entidades locales que favorezcan el paso a una econom\u00eda baja en carbono en el marco del programa operativo FEDER de crecimiento sostenible 2014-2020, ampliando su presupuesto y vigencia.<\/p><p>*Real Decreto 316\/2019, del 26 de abril, por el que se modifica el Real Decreto 616\/2017, del 16 de junio, por el que \u00a0se regula la concesi\u00f3n directa de subvenciones a proyectos singulares de entidades locales que favorezcan el paso a una econom\u00eda baja en carbono en el marco del programa operativo FEDER de crecimiento sostenible 2014-2020.<\/p><p>*Real Decreto 1185\/2020, de 29 de diciembre, por el que se modifica el Real Decreto 616\/2017, de 16 de junio, por el que se regula la concesi\u00f3n directa de subvenciones a proyectos singulares de entidades locales que favorezcan el paso a una econom\u00eda baja en carbono en el marco del Programa operativo FEDER de crecimiento sostenible 2014-2020.<\/p><p>El proyecto ILUMIN@ est\u00e1 encuadrado en el Objetivo Espec\u00edfico: OE 431-Eficiencia energ\u00e9tica en la edificaci\u00f3n y en las Infraestructuras y servicios P\u00fablicos:\u00a0<strong>Medida 6 Renovaci\u00f3n de las instalaciones de alumbrado, iluminaci\u00f3n y se\u00f1alizaci\u00f3n exterior.<\/strong><\/p><p>El objetivo principal de este proyecto ser\u00e1 la reducci\u00f3n del gasto energ\u00e9tico en, por lo menos, un 30% mediante el uso de l\u00e1mparas con tecnolog\u00eda LED, obteniendo una clasificaci\u00f3n energ\u00e9tica A o B, seg\u00fan las bases del R.D. 626\/2017.<\/p><p>El importe total del proyecto ILUMIN@ es de\u00a0<strong>722.590,36 \u20ac<\/strong>, siendo la cofinanciaci\u00f3n del FEDER de un 80%\u00a0\u00a0<strong>578.072,26 \u20ac<\/strong>\u00a0asumiendo la\u00a0 Diputaci\u00f3n de Lugo el restante 20% con fondos propios\u00a0<strong>144.518,10 \u20ac.<\/strong><\/p><p><strong>EL AYUNTAMIENTO DE OUROL, ES UNO DE LOS 38 AYUNTAMIENTOS QUE FORMAN PARTE DE ESTE PROYECTO.<\/strong><\/p><p>El importe total de la actuaci\u00f3n del ayuntamiento de\u00a0<strong>OUROL<\/strong>\u00a0es de\u00a0<strong>22.815,36 \u20ac\u00a0<\/strong>siendo la cofinanciaci\u00f3n del FEDER de un 80%\u00a0<strong>18.252,29 \u20ac<\/strong>\u00a0asumiendo la\u00a0 Diputaci\u00f3n de Lugo el restante 20% con fondos propios\u00a0<strong>4.563,07 \u20ac.<\/strong><\/p><ul><li><strong>DESCRIPCI\u00d3N DE LAS ACTUACIONES REALIZADAS EN EL AYUNTAMIENTO DE OUROL:<\/strong><\/li><\/ul><table width=\"556\"><tbody><tr><td colspan=\"7\" width=\"556\"><strong>CARACTER\u00cdSTICAS DE LA INSTALACI\u00d3N (EX ANTE)<\/strong><\/td><\/tr><tr><td width=\"153\"><strong>Identificador cuadro<\/strong><\/td><td width=\"96\"><strong>Ayuntamiento<\/strong><\/td><td width=\"50\"><strong>N\u00fam. de puntos de luz<\/strong><\/td><td width=\"61\"><strong>Tipo de l\u00e1mpara instalada<\/strong><\/td><td width=\"48\"><strong>Pot punto de luz (W)<\/strong><\/td><td width=\"74\"><strong>Consumo anual de electricidad (Kwh\/a\u00f1o)<\/strong><\/td><td width=\"74\"><strong>Coste anual de electricidad (\u20ac\/a\u00f1o)<\/strong><\/td><\/tr><tr><td width=\"153\">A Garita<\/td><td width=\"96\">OUROL<\/td><td width=\"50\">40<\/td><td width=\"61\">VSAP<\/td><td width=\"48\">50<\/td><td width=\"74\">9.506,00<\/td><td width=\"74\">1.138,72<\/td><\/tr><tr><td width=\"153\">Os Teixos<\/td><td width=\"96\">OUROL<\/td><td width=\"50\">17<\/td><td width=\"61\">VSAP<\/td><td width=\"48\">50<\/td><td width=\"74\">4.040,05<\/td><td width=\"74\">589,01<\/td><\/tr><\/tbody><\/table><table width=\"636\"><tbody><tr><td colspan=\"8\" width=\"636\"><strong>CARACTER\u00cdSTICAS DE LA INSTALACI\u00d3N (EX POST)<\/strong><\/td><\/tr><tr><td width=\"153\"><strong>Identificador cuadro<\/strong><\/td><td width=\"96\"><strong>Ayuntamiento<\/strong><\/td><td width=\"50\"><strong>N\u00fam. de puntos de luz<\/strong><\/td><td width=\"61\"><strong>Tipo de l\u00e1mpara a instalar<\/strong><\/td><td width=\"63\"><strong>Potencia total\u00a0\u00a0\u00a0 (Kw)<\/strong><\/td><td width=\"59\"><strong>Potencia reducida (Kw)<\/strong><\/td><td width=\"81\"><strong>Consumo anual de electricidad<\/strong><p><strong>estimado (Kwh\/a\u00f1o)<\/strong><\/p><\/td><td width=\"74\"><strong>Coste \u00a0anual de electricidad estimado (\u20ac\/a\u00f1o)<\/strong><\/td><\/tr><tr><td width=\"153\">A Garita<\/td><td width=\"96\">OUROL<\/td><td width=\"50\">22<\/td><td width=\"61\">LED<\/td><td width=\"63\">0,847<\/td><td width=\"59\">0,66<\/td><td width=\"81\">2.911,36<\/td><td width=\"74\">414,00<\/td><\/tr><tr><td width=\"153\">A Garita<\/td><td width=\"96\">OUROL<\/td><td width=\"50\">18<\/td><td width=\"61\">LED<\/td><td width=\"63\">0,4986<\/td><td width=\"59\">0,39<\/td><td width=\"81\">1.713,82<\/td><td width=\"74\">243,71<\/td><\/tr><tr><td width=\"153\">Os Teixos<\/td><td width=\"96\">OUROL<\/td><td width=\"50\">8<\/td><td width=\"61\">LED<\/td><td width=\"63\">0,308<\/td><td width=\"59\">0,24<\/td><td width=\"81\">1.058,68<\/td><td width=\"74\">150,54<\/td><\/tr><tr><td width=\"153\">Os Teixos<\/td><td width=\"96\">OUROL<\/td><td width=\"50\">9<\/td><td width=\"61\">LED<\/td><td width=\"63\">0,2493<\/td><td width=\"59\">0,20<\/td><td width=\"81\">856,91<\/td><td width=\"74\">121,85<\/td><\/tr><\/tbody><\/table><p><strong>\u00a0<\/strong><\/p><p><strong>\u00a0<\/strong><\/p><ul><li><strong>CONSECUENCIAS ENERG\u00c9TICAS DE LA ACTUACI\u00d3N<\/strong><\/li><\/ul><table width=\"686\"><tbody><tr><td colspan=\"8\" width=\"686\"><strong>CARACTER\u00cdSTICAS DEL AHORRO<\/strong><\/td><\/tr><tr><td width=\"96\"><strong>Ayuntamiento<\/strong><p><strong>\u00a0<\/strong><\/p><\/td><td width=\"150\"><strong>\u00cddem. Cuadro<\/strong><p><strong>\u00a0<\/strong><\/p><\/td><td width=\"80\"><strong>Consumo de energ\u00eda actual<\/strong><p><strong>kwh\/a\u00f1o<\/strong><\/p><\/td><td width=\"80\"><strong>Consumo de energ\u00eda esperado\u00a0<\/strong><p><strong>kwh\/a\u00f1o<\/strong><\/p><\/td><td width=\"80\"><strong>Ahorro de energ\u00eda<\/strong><p><strong>kwh\/a\u00f1o<\/strong><\/p><\/td><td width=\"59\"><strong>Ahorro de energ\u00eda<\/strong><p><strong>%<\/strong><\/p><\/td><td width=\"71\"><strong>Ahorro econ\u00f3mico anual<\/strong><p><strong>\u20ac\/a\u00f1o<\/strong><\/p><\/td><td width=\"71\"><strong>Ahorro econ\u00f3mico anual<\/strong><p><strong>%<\/strong><\/p><\/td><\/tr><tr><td width=\"96\">OUROL<\/td><td width=\"150\">AHORRO E EE AP DE OUROL<\/td><td width=\"80\">13.546,05<\/td><td width=\"80\">6.540,77<\/td><td width=\"80\">7.005,28<\/td><td width=\"59\">51,71<\/td><td width=\"71\">797,63<\/td><td width=\"71\">46,17<\/td><\/tr><\/tbody><\/table><p><strong>INDICADORES DE PRODUCTIVIDAD APLICABLES INCLUIDOS EN EL EJE DE ECONOM\u00cdA BAJA EN CARBONO DEL POCS CORRESPONDIENTES AL PROYECTO ILUMIN@<\/strong><\/p><p><u>Indicadores Ayuntamiento de Ourol<\/u>:<\/p><table width=\"624\"><tbody><tr><td width=\"510\"><strong>E001Z\u00a0<\/strong>Reducci\u00f3n del consumo de energ\u00eda final en infraestructuras p\u00fablicas o empresas [ktep\/a\u00f1o]<\/td><td width=\"113\">0,0006024<\/td><\/tr><tr><td width=\"510\"><strong>C034\u00a0<\/strong>Reducci\u00f3n de emisiones de GEI [tCO2eq\/a\u00f1o]<\/td><td width=\"113\">3.649<\/td><\/tr><\/tbody><\/table><p><u>Datos globales PROYECTO ILUMIN@:<\/u><\/p><table width=\"623\"><tbody><tr><td colspan=\"3\" width=\"623\">CARACTER\u00cdSTICAS DE AHORRO<\/td><\/tr><tr><td width=\"399\">CONSUMO DE ENERG\u00cdA ACTUAL<\/td><td width=\"113\">943.034,69<\/td><td width=\"111\">kWh\/a\u00f1o<\/td><\/tr><tr><td width=\"399\">CONSUMO DE ENERG\u00cdA ESPERADO<\/td><td width=\"113\">278.880,33<\/td><td width=\"111\">kWh\/a\u00f1o<\/td><\/tr><tr><td width=\"399\">AHORRO DE ENERG\u00cdA<\/td><td width=\"113\">664.154,36<\/td><td width=\"111\">kWh\/a\u00f1o<\/td><\/tr><tr><td width=\"399\">AHORRO RESPECTO AL CONSUMO EXISTENTE<\/td><td width=\"113\">70,43<\/td><td width=\"111\">%<\/td><\/tr><tr><td width=\"399\">COSTE DE LA ENERG\u00cdA<\/td><td width=\"113\">0,1442<\/td><td width=\"111\">\u20ac\/kWh<\/td><\/tr><tr><td width=\"399\">AHORRO ECON\u00d3MICO<\/td><td width=\"113\">95.763,00<\/td><td width=\"111\">\u20ac\/a\u00f1o<\/td><\/tr><tr><td width=\"399\">E001 REDUCCI\u00d3N DEL CONSUMO DE ENERG\u00cdA FINAL<\/td><td width=\"113\">0,057117<\/td><td width=\"111\">Ktep\/a\u00f1o<\/td><\/tr><tr><td width=\"399\">C034 EMISIONES DE CO2 EVITADAS(0.521Kg CO2\/kW E. final )<\/td><td width=\"113\">346,024<\/td><td width=\"111\">tCO2 eq\/a\u00f1o<\/td><\/tr><\/tbody><\/table>\t\t\t\t\t\t<\/div>\n\t\t\t\t<\/div>\n\t\t\t\t\t<\/div>\n\t\t\t\t<\/div>\n\t\t\t\t<\/div>\n\t\t","protected":false},"excerpt":{"rendered":"<p>\u201cUna manera de hacer Europa\u201dConfinanciado en un 80% por el FEDER PROYECTO ILUMIN@:\u00a0Actuaci\u00f3n cofinanciada en un 80% por el Programa de Subvenciones para proyectos singulares de entidades locales que favorezcan el paso a una econom\u00eda baja en carbono en el marco del Programa operativo FEDER de crecimiento sostenible 2014-2020, asumiendo el restante 20% la Diputaci\u00f3n [&hellip;]<\/p>\n","protected":false},"author":1,"featured_media":7233,"parent":0,"menu_order":0,"comment_status":"closed","ping_status":"closed","template":"elementor_header_footer","meta":{"footnotes":""},"class_list":["post-7229","page","type-page","status-publish","has-post-thumbnail","hentry"],"yoast_head":"<!-- This site is optimized with the Yoast SEO plugin v25.0 - https:\/\/yoast.com\/wordpress\/plugins\/seo\/ -->\n<title>Proyecto Ilumin@ - Concello de Ourol<\/title>\n<meta name=\"robots\" content=\"index, follow, max-snippet:-1, max-image-preview:large, max-video-preview:-1\" \/>\n<link rel=\"canonical\" href=\"https:\/\/concellodeourol.es\/proyecto-ilumin\/\" \/>\n<meta property=\"og:locale\" content=\"es_ES\" \/>\n<meta property=\"og:type\" content=\"article\" \/>\n<meta property=\"og:title\" content=\"Proyecto Ilumin@ - Concello de Ourol\" \/>\n<meta property=\"og:description\" content=\"\u201cUna manera de hacer Europa\u201dConfinanciado en un 80% por el FEDER PROYECTO ILUMIN@:\u00a0Actuaci\u00f3n cofinanciada en un 80% por el Programa de Subvenciones para proyectos singulares de entidades locales que favorezcan el paso a una econom\u00eda baja en carbono en el marco del Programa operativo FEDER de crecimiento sostenible 2014-2020, asumiendo el restante 20% la Diputaci\u00f3n [&hellip;]\" \/>\n<meta property=\"og:url\" content=\"https:\/\/concellodeourol.es\/proyecto-ilumin\/\" \/>\n<meta property=\"og:site_name\" content=\"Concello de Ourol\" \/>\n<meta property=\"article:publisher\" content=\"https:\/\/www.facebook.com\/ConcelloOurol\/\" \/>\n<meta property=\"article:modified_time\" content=\"2024-07-15T21:01:24+00:00\" \/>\n<meta property=\"og:image\" content=\"https:\/\/concellodeourol.es\/wp-content\/uploads\/2024\/07\/ilumina.jpg\" \/>\n\t<meta property=\"og:image:width\" content=\"600\" \/>\n\t<meta property=\"og:image:height\" content=\"697\" \/>\n\t<meta property=\"og:image:type\" content=\"image\/jpeg\" \/>\n<meta name=\"twitter:card\" content=\"summary_large_image\" \/>\n<meta name=\"twitter:label1\" content=\"Tiempo de lectura\" \/>\n\t<meta name=\"twitter:data1\" content=\"4 minutos\" \/>\n<script type=\"application\/ld+json\" class=\"yoast-schema-graph\">{\"@context\":\"https:\/\/schema.org\",\"@graph\":[{\"@type\":\"WebPage\",\"@id\":\"https:\/\/concellodeourol.es\/proyecto-ilumin\/\",\"url\":\"https:\/\/concellodeourol.es\/proyecto-ilumin\/\",\"name\":\"Proyecto Ilumin@ - Concello de Ourol\",\"isPartOf\":{\"@id\":\"https:\/\/concellodeourol.es\/#website\"},\"primaryImageOfPage\":{\"@id\":\"https:\/\/concellodeourol.es\/proyecto-ilumin\/#primaryimage\"},\"image\":{\"@id\":\"https:\/\/concellodeourol.es\/proyecto-ilumin\/#primaryimage\"},\"thumbnailUrl\":\"https:\/\/concellodeourol.es\/wp-content\/uploads\/2024\/07\/ilumina.jpg\",\"datePublished\":\"2024-07-15T20:57:14+00:00\",\"dateModified\":\"2024-07-15T21:01:24+00:00\",\"breadcrumb\":{\"@id\":\"https:\/\/concellodeourol.es\/proyecto-ilumin\/#breadcrumb\"},\"inLanguage\":\"es\",\"potentialAction\":[{\"@type\":\"ReadAction\",\"target\":[\"https:\/\/concellodeourol.es\/proyecto-ilumin\/\"]}]},{\"@type\":\"ImageObject\",\"inLanguage\":\"es\",\"@id\":\"https:\/\/concellodeourol.es\/proyecto-ilumin\/#primaryimage\",\"url\":\"https:\/\/concellodeourol.es\/wp-content\/uploads\/2024\/07\/ilumina.jpg\",\"contentUrl\":\"https:\/\/concellodeourol.es\/wp-content\/uploads\/2024\/07\/ilumina.jpg\",\"width\":600,\"height\":697},{\"@type\":\"BreadcrumbList\",\"@id\":\"https:\/\/concellodeourol.es\/proyecto-ilumin\/#breadcrumb\",\"itemListElement\":[{\"@type\":\"ListItem\",\"position\":1,\"name\":\"Inicio\",\"item\":\"https:\/\/concellodeourol.es\/es\/\"},{\"@type\":\"ListItem\",\"position\":2,\"name\":\"Proyecto Ilumin@\"}]},{\"@type\":\"WebSite\",\"@id\":\"https:\/\/concellodeourol.es\/#website\",\"url\":\"https:\/\/concellodeourol.es\/\",\"name\":\"Concello de Ourol\",\"description\":\"Informaci\u00f3n y Servicios\",\"publisher\":{\"@id\":\"https:\/\/concellodeourol.es\/#organization\"},\"potentialAction\":[{\"@type\":\"SearchAction\",\"target\":{\"@type\":\"EntryPoint\",\"urlTemplate\":\"https:\/\/concellodeourol.es\/?s={search_term_string}\"},\"query-input\":{\"@type\":\"PropertyValueSpecification\",\"valueRequired\":true,\"valueName\":\"search_term_string\"}}],\"inLanguage\":\"es\"},{\"@type\":\"Organization\",\"@id\":\"https:\/\/concellodeourol.es\/#organization\",\"name\":\"Concello de Ourol\",\"url\":\"https:\/\/concellodeourol.es\/\",\"logo\":{\"@type\":\"ImageObject\",\"inLanguage\":\"es\",\"@id\":\"https:\/\/concellodeourol.es\/#\/schema\/logo\/image\/\",\"url\":\"https:\/\/concellodeourol.es\/wp-content\/uploads\/2024\/05\/Escudo-Horizontal-concello-ourol.webp\",\"contentUrl\":\"https:\/\/concellodeourol.es\/wp-content\/uploads\/2024\/05\/Escudo-Horizontal-concello-ourol.webp\",\"width\":450,\"height\":197,\"caption\":\"Concello de Ourol\"},\"image\":{\"@id\":\"https:\/\/concellodeourol.es\/#\/schema\/logo\/image\/\"},\"sameAs\":[\"https:\/\/www.facebook.com\/ConcelloOurol\/\",\"https:\/\/www.instagram.com\/biblioourol\/?hl=es\"]}]}<\/script>\n<!-- \/ Yoast SEO plugin. -->","yoast_head_json":{"title":"Proyecto Ilumin@ - Concello de Ourol","robots":{"index":"index","follow":"follow","max-snippet":"max-snippet:-1","max-image-preview":"max-image-preview:large","max-video-preview":"max-video-preview:-1"},"canonical":"https:\/\/concellodeourol.es\/proyecto-ilumin\/","og_locale":"es_ES","og_type":"article","og_title":"Proyecto Ilumin@ - Concello de Ourol","og_description":"\u201cUna manera de hacer Europa\u201dConfinanciado en un 80% por el FEDER PROYECTO ILUMIN@:\u00a0Actuaci\u00f3n cofinanciada en un 80% por el Programa de Subvenciones para proyectos singulares de entidades locales que favorezcan el paso a una econom\u00eda baja en carbono en el marco del Programa operativo FEDER de crecimiento sostenible 2014-2020, asumiendo el restante 20% la Diputaci\u00f3n [&hellip;]","og_url":"https:\/\/concellodeourol.es\/proyecto-ilumin\/","og_site_name":"Concello de Ourol","article_publisher":"https:\/\/www.facebook.com\/ConcelloOurol\/","article_modified_time":"2024-07-15T21:01:24+00:00","og_image":[{"width":600,"height":697,"url":"https:\/\/concellodeourol.es\/wp-content\/uploads\/2024\/07\/ilumina.jpg","type":"image\/jpeg"}],"twitter_card":"summary_large_image","twitter_misc":{"Tiempo de lectura":"4 minutos"},"schema":{"@context":"https:\/\/schema.org","@graph":[{"@type":"WebPage","@id":"https:\/\/concellodeourol.es\/proyecto-ilumin\/","url":"https:\/\/concellodeourol.es\/proyecto-ilumin\/","name":"Proyecto Ilumin@ - Concello de Ourol","isPartOf":{"@id":"https:\/\/concellodeourol.es\/#website"},"primaryImageOfPage":{"@id":"https:\/\/concellodeourol.es\/proyecto-ilumin\/#primaryimage"},"image":{"@id":"https:\/\/concellodeourol.es\/proyecto-ilumin\/#primaryimage"},"thumbnailUrl":"https:\/\/concellodeourol.es\/wp-content\/uploads\/2024\/07\/ilumina.jpg","datePublished":"2024-07-15T20:57:14+00:00","dateModified":"2024-07-15T21:01:24+00:00","breadcrumb":{"@id":"https:\/\/concellodeourol.es\/proyecto-ilumin\/#breadcrumb"},"inLanguage":"es","potentialAction":[{"@type":"ReadAction","target":["https:\/\/concellodeourol.es\/proyecto-ilumin\/"]}]},{"@type":"ImageObject","inLanguage":"es","@id":"https:\/\/concellodeourol.es\/proyecto-ilumin\/#primaryimage","url":"https:\/\/concellodeourol.es\/wp-content\/uploads\/2024\/07\/ilumina.jpg","contentUrl":"https:\/\/concellodeourol.es\/wp-content\/uploads\/2024\/07\/ilumina.jpg","width":600,"height":697},{"@type":"BreadcrumbList","@id":"https:\/\/concellodeourol.es\/proyecto-ilumin\/#breadcrumb","itemListElement":[{"@type":"ListItem","position":1,"name":"Inicio","item":"https:\/\/concellodeourol.es\/es\/"},{"@type":"ListItem","position":2,"name":"Proyecto Ilumin@"}]},{"@type":"WebSite","@id":"https:\/\/concellodeourol.es\/#website","url":"https:\/\/concellodeourol.es\/","name":"Concello de Ourol","description":"Informaci\u00f3n y Servicios","publisher":{"@id":"https:\/\/concellodeourol.es\/#organization"},"potentialAction":[{"@type":"SearchAction","target":{"@type":"EntryPoint","urlTemplate":"https:\/\/concellodeourol.es\/?s={search_term_string}"},"query-input":{"@type":"PropertyValueSpecification","valueRequired":true,"valueName":"search_term_string"}}],"inLanguage":"es"},{"@type":"Organization","@id":"https:\/\/concellodeourol.es\/#organization","name":"Concello de Ourol","url":"https:\/\/concellodeourol.es\/","logo":{"@type":"ImageObject","inLanguage":"es","@id":"https:\/\/concellodeourol.es\/#\/schema\/logo\/image\/","url":"https:\/\/concellodeourol.es\/wp-content\/uploads\/2024\/05\/Escudo-Horizontal-concello-ourol.webp","contentUrl":"https:\/\/concellodeourol.es\/wp-content\/uploads\/2024\/05\/Escudo-Horizontal-concello-ourol.webp","width":450,"height":197,"caption":"Concello de Ourol"},"image":{"@id":"https:\/\/concellodeourol.es\/#\/schema\/logo\/image\/"},"sameAs":["https:\/\/www.facebook.com\/ConcelloOurol\/","https:\/\/www.instagram.com\/biblioourol\/?hl=es"]}]}},"_links":{"self":[{"href":"https:\/\/concellodeourol.es\/es\/wp-json\/wp\/v2\/pages\/7229"}],"collection":[{"href":"https:\/\/concellodeourol.es\/es\/wp-json\/wp\/v2\/pages"}],"about":[{"href":"https:\/\/concellodeourol.es\/es\/wp-json\/wp\/v2\/types\/page"}],"author":[{"embeddable":true,"href":"https:\/\/concellodeourol.es\/es\/wp-json\/wp\/v2\/users\/1"}],"replies":[{"embeddable":true,"href":"https:\/\/concellodeourol.es\/es\/wp-json\/wp\/v2\/comments?post=7229"}],"version-history":[{"count":4,"href":"https:\/\/concellodeourol.es\/es\/wp-json\/wp\/v2\/pages\/7229\/revisions"}],"predecessor-version":[{"id":7236,"href":"https:\/\/concellodeourol.es\/es\/wp-json\/wp\/v2\/pages\/7229\/revisions\/7236"}],"wp:featuredmedia":[{"embeddable":true,"href":"https:\/\/concellodeourol.es\/es\/wp-json\/wp\/v2\/media\/7233"}],"wp:attachment":[{"href":"https:\/\/concellodeourol.es\/es\/wp-json\/wp\/v2\/media?parent=7229"}],"curies":[{"name":"wp","href":"https:\/\/api.w.org\/{rel}","templated":true}]}}